{"id":201,"date":"2017-01-04T07:53:53","date_gmt":"2017-01-04T17:53:53","guid":{"rendered":"https:\/\/192.168.71.104\/?page_id=201"},"modified":"2021-02-02T13:54:31","modified_gmt":"2021-02-02T23:54:31","slug":"licence-sciences-sociales","status":"publish","type":"page","link":"https:\/\/www.isepp.pf\/index.php\/les-formations\/licence-sciences-sociales\/","title":{"rendered":"LICENCE Sciences Humaines et Sociales mention Sciences Sociales"},"content":{"rendered":"\t\t<div data-elementor-type=\"wp-post\" data-elementor-id=\"201\" class=\"elementor elementor-201\" data-elementor-settings=\"[]\">\n\t\t\t\t\t\t<div class=\"elementor-inner\">\n\t\t\t\t\t\t\t<div class=\"elementor-section-wrap\">\n\t\t\t\t\t\t\t<section class=\"has_eae_slider elementor-section elementor-top-section elementor-element elementor-element-csacsnq elementor-section-boxed elementor-section-height-default elementor-section-height-default\" data-id=\"csacsnq\" data-element_type=\"section\">\n\t\t\t\t\t\t<div class=\"elementor-container elementor-column-gap-default\">\n\t\t\t\t\t\t\t<div class=\"elementor-row\">\n\t\t\t\t\t<div class=\"has_eae_slider elementor-column elementor-col-100 elementor-top-column elementor-element elementor-element-olxmbov\" data-id=\"olxmbov\" data-element_type=\"column\">\n\t\t\t<div class=\"elementor-column-wrap elementor-element-populated\">\n\t\t\t\t\t\t\t<div class=\"elementor-widget-wrap\">\n\t\t\t\t\t\t<section class=\"has_eae_slider elementor-section elementor-inner-section elementor-element elementor-element-jwnxeda elementor-section-boxed elementor-section-height-default elementor-section-height-default\" data-id=\"jwnxeda\" data-element_type=\"section\">\n\t\t\t\t\t\t<div class=\"elementor-container elementor-column-gap-default\">\n\t\t\t\t\t\t\t<div class=\"elementor-row\">\n\t\t\t\t\t<div class=\"has_eae_slider elementor-column elementor-col-66 elementor-inner-column elementor-element elementor-element-wfkiuzg\" data-id=\"wfkiuzg\" data-element_type=\"column\">\n\t\t\t<div class=\"elementor-column-wrap elementor-element-populated\">\n\t\t\t\t\t\t\t<div class=\"elementor-widget-wrap\">\n\t\t\t\t\t\t<div class=\"elementor-element elementor-element-tyco0g6 elementor-widget elementor-widget-text-editor\" data-id=\"tyco0g6\" data-element_type=\"widget\" data-widget_type=\"text-editor.default\">\n\t\t\t\t<div class=\"elementor-widget-container\">\n\t\t\t\t\t\t\t\t<div class=\"elementor-text-editor elementor-clearfix\">\n\t\t\t\t<p><em><strong>La licence Sciences Sociales parcours Gestion des ressources humaines et sciences du travail assure une formation fondamentale en sociologie et en anthropologie dans leurs aspects th\u00e9oriques et pratiques.\u00a0<\/strong><\/em><\/p>\t\t\t\t\t<\/div>\n\t\t\t\t\t\t<\/div>\n\t\t\t\t<\/div>\n\t\t\t\t<div class=\"elementor-element elementor-element-rjbjzqo elementor-tabs-view-horizontal elementor-widget elementor-widget-tabs\" data-id=\"rjbjzqo\" data-element_type=\"widget\" data-widget_type=\"tabs.default\">\n\t\t\t\t<div class=\"elementor-widget-container\">\n\t\t\t\t\t<div class=\"elementor-tabs\">\n\t\t\t<div class=\"elementor-tabs-wrapper\" role=\"tablist\" >\n\t\t\t\t\t\t\t\t\t<div id=\"elementor-tab-title-111\" class=\"elementor-tab-title elementor-tab-desktop-title\" aria-selected=\"true\" data-tab=\"1\" role=\"tab\" tabindex=\"0\" aria-controls=\"elementor-tab-content-111\" aria-expanded=\"false\"><a href=\"\">OBJECTIFS DE LA FORMATION<\/a><\/div>\n\t\t\t\t\t\t\t\t\t<div id=\"elementor-tab-title-112\" class=\"elementor-tab-title elementor-tab-desktop-title\" aria-selected=\"false\" data-tab=\"2\" role=\"tab\" tabindex=\"-1\" aria-controls=\"elementor-tab-content-112\" aria-expanded=\"false\"><a href=\"\">CONTENUS DE LA FORMATION<\/a><\/div>\n\t\t\t\t\t\t\t\t\t<div id=\"elementor-tab-title-113\" class=\"elementor-tab-title elementor-tab-desktop-title\" aria-selected=\"false\" data-tab=\"3\" role=\"tab\" tabindex=\"-1\" aria-controls=\"elementor-tab-content-113\" aria-expanded=\"false\"><a href=\"\">D\u00c9BOUCH\u00c9S ET DISPOSITIF<\/a><\/div>\n\t\t\t\t\t\t\t\t\t<div id=\"elementor-tab-title-114\" class=\"elementor-tab-title elementor-tab-desktop-title\" aria-selected=\"false\" data-tab=\"4\" role=\"tab\" tabindex=\"-1\" aria-controls=\"elementor-tab-content-114\" aria-expanded=\"false\"><a href=\"\">CONDITIONS D'ADMISSION<\/a><\/div>\n\t\t\t\t\t\t\t<\/div>\n\t\t\t<div class=\"elementor-tabs-content-wrapper\" role=\"tablist\" aria-orientation=\"vertical\">\n\t\t\t\t\t\t\t\t\t<div class=\"elementor-tab-title elementor-tab-mobile-title\" aria-selected=\"true\" data-tab=\"1\" role=\"tab\" tabindex=\"0\" aria-controls=\"elementor-tab-content-111\" aria-expanded=\"false\">OBJECTIFS DE LA FORMATION<\/div>\n\t\t\t\t\t<div id=\"elementor-tab-content-111\" class=\"elementor-tab-content elementor-clearfix\" data-tab=\"1\" role=\"tabpanel\" aria-labelledby=\"elementor-tab-title-111\" tabindex=\"0\" hidden=\"false\"><ul><li><div class=\"kvgmc6g5 cxmmr5t8 oygrvhab hcukyx3x c1et5uql ii04i59q\"><div dir=\"auto\">La Licence Sciences Sociales, parcours Ressources humaines et Sciences du travail, forme les futurs professionnels des ressources humaines, du social, de la culture et de l&rsquo;enqu\u00eate.<\/div><\/div><div class=\"o9v6fnle cxmmr5t8 oygrvhab hcukyx3x c1et5uql ii04i59q\"><div dir=\"auto\">\u00a0<\/div><\/div><\/li><\/ul><\/div>\n\t\t\t\t\t\t\t\t\t<div class=\"elementor-tab-title elementor-tab-mobile-title\" aria-selected=\"false\" data-tab=\"2\" role=\"tab\" tabindex=\"-1\" aria-controls=\"elementor-tab-content-112\" aria-expanded=\"false\">CONTENUS DE LA FORMATION<\/div>\n\t\t\t\t\t<div id=\"elementor-tab-content-112\" class=\"elementor-tab-content elementor-clearfix\" data-tab=\"2\" role=\"tabpanel\" aria-labelledby=\"elementor-tab-title-112\" tabindex=\"0\" hidden=\"hidden\"><div class=\"o9v6fnle cxmmr5t8 oygrvhab hcukyx3x c1et5uql ii04i59q\"><div dir=\"auto\"><b>Les principaux enseignements \u00e9tudi\u00e9s sont :<\/b><\/div><\/div><div class=\"o9v6fnle cxmmr5t8 oygrvhab hcukyx3x c1et5uql ii04i59q\"><div dir=\"auto\">Sociologie (de la jeunesse, de la famille, des organisations&#8230;)<\/div><\/div><div class=\"o9v6fnle cxmmr5t8 oygrvhab hcukyx3x c1et5uql ii04i59q\"><div dir=\"auto\">Anthropologie (valorisation du patrimoine culturel et touristique)<\/div><\/div><div class=\"o9v6fnle cxmmr5t8 oygrvhab hcukyx3x c1et5uql ii04i59q\"><div dir=\"auto\">Gestion des ressources humaines (recrutement, formation, ergonomie, gestion des comp\u00e9tences, m\u00e9diation, conciliation&#8230;)<\/div><\/div><div class=\"o9v6fnle cxmmr5t8 oygrvhab hcukyx3x c1et5uql ii04i59q\"><div dir=\"auto\">Enqu\u00eates de terrain (qualitatives, quantitatives, mission collective)<\/div><\/div><div class=\"o9v6fnle cxmmr5t8 oygrvhab hcukyx3x c1et5uql ii04i59q\"><div dir=\"auto\">Anglais, tahitien, fran\u00e7ais<\/div><\/div><div class=\"o9v6fnle cxmmr5t8 oygrvhab hcukyx3x c1et5uql ii04i59q\"><div dir=\"auto\">\u00c9conomie et statistiques<\/div><\/div><div class=\"o9v6fnle cxmmr5t8 oygrvhab hcukyx3x c1et5uql ii04i59q\"><div dir=\"auto\">3 stages professionnels de 3 \u00e0 5 semaines \/ an<\/div><\/div><\/div>\n\t\t\t\t\t\t\t\t\t<div class=\"elementor-tab-title elementor-tab-mobile-title\" aria-selected=\"false\" data-tab=\"3\" role=\"tab\" tabindex=\"-1\" aria-controls=\"elementor-tab-content-113\" aria-expanded=\"false\">D\u00c9BOUCH\u00c9S ET DISPOSITIF<\/div>\n\t\t\t\t\t<div id=\"elementor-tab-content-113\" class=\"elementor-tab-content elementor-clearfix\" data-tab=\"3\" role=\"tabpanel\" aria-labelledby=\"elementor-tab-title-113\" tabindex=\"0\" hidden=\"hidden\"><h3>D\u00e9bouch\u00e9s :\u00a0<\/h3><div class=\"kvgmc6g5 cxmmr5t8 oygrvhab hcukyx3x c1et5uql ii04i59q\"><div dir=\"auto\">Les d\u00e9bouch\u00e9s de la Licence sociales sont nombreux :<\/div><\/div><div class=\"o9v6fnle cxmmr5t8 oygrvhab hcukyx3x c1et5uql ii04i59q\"><div dir=\"auto\">&#8211; M\u00e9tiers des Ressources humaines (RH)<\/div><div dir=\"auto\">&#8211; M\u00e9tiers du social et de la (r\u00e9)insertion professionnelle<\/div><div dir=\"auto\">&#8211; M\u00e9tiers de la culture, du patrimoine et du tourisme<\/div><div dir=\"auto\">&#8211; M\u00e9tiers de l&rsquo;enqu\u00eate statistique et qualitative<\/div><div dir=\"auto\">&#8211; M\u00e9tiers de l&rsquo;enseignement et de la recherches en sciences humaines et sociales (SHS)<\/div><div dir=\"auto\">&#8211; Administration, etc.<\/div><\/div><h3>Dispositif :\u00a0<\/h3><p>La licence Sciences Sociales est une formation initiale dispens\u00e9e en 3 ans. Elle aboutit \u00e0 la d\u00e9livrance d\u2019un dipl\u00f4me d\u2019\u00c9tat reconnu \u00e0 l\u2019\u00e9chelle europ\u00e9enne.\u00a0<\/p><\/div>\n\t\t\t\t\t\t\t\t\t<div class=\"elementor-tab-title elementor-tab-mobile-title\" aria-selected=\"false\" data-tab=\"4\" role=\"tab\" tabindex=\"-1\" aria-controls=\"elementor-tab-content-114\" aria-expanded=\"false\">CONDITIONS D'ADMISSION<\/div>\n\t\t\t\t\t<div id=\"elementor-tab-content-114\" class=\"elementor-tab-content elementor-clearfix\" data-tab=\"4\" role=\"tabpanel\" aria-labelledby=\"elementor-tab-title-114\" tabindex=\"0\" hidden=\"hidden\"><p>La L1 en Sciences Sociales s\u2019adresse aux \u00e9tudiants titulaires d\u2019un baccalaur\u00e9at quelle que soit la fili\u00e8re ou d\u2019un \u00e9quivalent. <br \/>Possibilit\u00e9 de valider ses exp\u00e9riences et acquis, avec le baccalaur\u00e9at ou son \u00e9quivalent en poche pour acc\u00e9der \u00e0 la 3\u00e8me ann\u00e9e. Dispositif sous r\u00e9serve de l\u2019avis de la Commission de validation. <br \/>\u00catre titulaire d&rsquo;un baccalaur\u00e9at ou de son \u00e9quivalent<\/p><\/div>\n\t\t\t\t\t\t\t<\/div>\n\t\t<\/div>\n\t\t\t\t<\/div>\n\t\t\t\t<\/div>\n\t\t\t\t\t\t<\/div>\n\t\t\t\t\t<\/div>\n\t\t<\/div>\n\t\t\t\t<div class=\"has_eae_slider elementor-column elementor-col-33 elementor-inner-column elementor-element elementor-element-iyptovi\" data-id=\"iyptovi\" data-element_type=\"column\">\n\t\t\t<div class=\"elementor-column-wrap elementor-element-populated\">\n\t\t\t\t\t\t\t<div class=\"elementor-widget-wrap\">\n\t\t\t\t\t\t<div class=\"elementor-element elementor-element-3540eea elementor-widget elementor-widget-heading\" data-id=\"3540eea\" data-element_type=\"widget\" data-widget_type=\"heading.default\">\n\t\t\t\t<div class=\"elementor-widget-container\">\n\t\t\t<div class=\"elementor-heading-title elementor-size-large\"><a href=\"https:\/\/www.facebook.com\/licence.sciencessocialesrh.9\" target=\"_blank\"><div class=\"fb-page\" data-href=\"https:\/\/www.facebook.com\/licence.sciencessocialesrh.9\" data-tabs=\"timeline\" data-small-header=\"false\" data-adapt-container-width=\"true\" data-hide-cover=\"false\" data-show-facepile=\"true\"><\/div><\/a><\/div>\t\t<\/div>\n\t\t\t\t<\/div>\n\t\t\t\t<div class=\"elementor-element elementor-element-ilzhrpn elementor-widget elementor-widget-spacer\" data-id=\"ilzhrpn\" data-element_type=\"widget\" data-widget_type=\"spacer.default\">\n\t\t\t\t<div class=\"elementor-widget-container\">\n\t\t\t\t\t<div class=\"elementor-spacer\">\n\t\t\t<div class=\"elementor-spacer-inner\"><\/div>\n\t\t<\/div>\n\t\t\t\t<\/div>\n\t\t\t\t<\/div>\n\t\t\t\t<div class=\"elementor-element elementor-element-kroshxn elementor-widget elementor-widget-heading\" data-id=\"kroshxn\" data-element_type=\"widget\" data-widget_type=\"heading.default\">\n\t\t\t\t<div class=\"elementor-widget-container\">\n\t\t\t<h2 class=\"elementor-heading-title elementor-size-default\"><a href=\"https:\/\/adecampus.isepp.pf\/direct\/index.jsp\">PLANNINGS<\/a><\/h2>\t\t<\/div>\n\t\t\t\t<\/div>\n\t\t\t\t<div class=\"elementor-element elementor-element-typaxsi elementor-widget elementor-widget-text-editor\" data-id=\"typaxsi\" data-element_type=\"widget\" data-widget_type=\"text-editor.default\">\n\t\t\t\t<div class=\"elementor-widget-container\">\n\t\t\t\t\t\t\t\t<div class=\"elementor-text-editor elementor-clearfix\">\n\t\t\t\t<p><a href=\"http:\/\/omegaisp.dyndns.org:8080\/direct\/\" target=\"_blank\"><strong>\u00c9tudiants inscrits : consultez votre planning<\/strong><\/a><\/p>\t\t\t\t\t<\/div>\n\t\t\t\t\t\t<\/div>\n\t\t\t\t<\/div>\n\t\t\t\t<div class=\"elementor-element elementor-element-aoctbvy elementor-widget elementor-widget-spacer\" data-id=\"aoctbvy\" data-element_type=\"widget\" data-widget_type=\"spacer.default\">\n\t\t\t\t<div class=\"elementor-widget-container\">\n\t\t\t\t\t<div class=\"elementor-spacer\">\n\t\t\t<div class=\"elementor-spacer-inner\"><\/div>\n\t\t<\/div>\n\t\t\t\t<\/div>\n\t\t\t\t<\/div>\n\t\t\t\t<div class=\"elementor-element elementor-element-iqckzgg elementor-widget elementor-widget-heading\" data-id=\"iqckzgg\" data-element_type=\"widget\" data-widget_type=\"heading.default\">\n\t\t\t\t<div class=\"elementor-widget-container\">\n\t\t\t<h2 class=\"elementor-heading-title elementor-size-default\">RESPONSABLE<\/h2>\t\t<\/div>\n\t\t\t\t<\/div>\n\t\t\t\t<div class=\"elementor-element elementor-element-sgwfkro elementor-position-right elementor-vertical-align-middle elementor-widget elementor-widget-image-box\" data-id=\"sgwfkro\" data-element_type=\"widget\" data-widget_type=\"image-box.default\">\n\t\t\t\t<div class=\"elementor-widget-container\">\n\t\t\t<div class=\"elementor-image-box-wrapper\"><figure class=\"elementor-image-box-img\"><img width=\"170\" height=\"86\" src=\"https:\/\/www.isepp.pf\/wp-content\/uploads\/2016\/11\/logo.png\" class=\"attachment-full size-full\" alt=\"\" loading=\"lazy\" \/><\/figure><div class=\"elementor-image-box-content\"><h5 class=\"elementor-image-box-title\">Aur\u00e9lie POISSON<\/h5><p class=\"elementor-image-box-description\">sociologie@isepp.pf<\/p><\/div><\/div>\t\t<\/div>\n\t\t\t\t<\/div>\n\t\t\t\t\t\t<\/div>\n\t\t\t\t\t<\/div>\n\t\t<\/div>\n\t\t\t\t\t\t\t\t<\/div>\n\t\t\t\t\t<\/div>\n\t\t<\/section>\n\t\t\t\t\t\t<\/div>\n\t\t\t\t\t<\/div>\n\t\t<\/div>\n\t\t\t\t\t\t\t\t<\/div>\n\t\t\t\t\t<\/div>\n\t\t<\/section>\n\t\t\t\t\t\t<\/div>\n\t\t\t\t\t\t<\/div>\n\t\t\t\t\t<\/div>\n\t\t","protected":false},"excerpt":{"rendered":"<p>La licence Sciences Sociales parcours Gestion des ressources humaines et sciences du travail assure une formation fondamentale en sociologie et en anthropologie dans leurs aspects th\u00e9oriques et pratiques.\u00a0 OBJECTIFS DE LA FORMATION CONTENUS DE LA FORMATION D\u00c9BOUCH\u00c9S ET DISPOSITIF CONDITIONS D&rsquo;ADMISSION OBJECTIFS DE LA FORMATION La Licence Sciences Sociales, parcours Ressources humaines et Sciences du [&hellip;]<\/p>\n","protected":false},"author":1,"featured_media":188,"parent":47,"menu_order":5,"comment_status":"closed","ping_status":"closed","template":"","meta":{"ngg_post_thumbnail":0},"yoast_head":"<!-- This site is optimized with the Yoast SEO plugin v17.1 - https:\/\/yoast.com\/wordpress\/plugins\/seo\/ -->\n<title>LICENCE Sciences Humaines et Sociales mention Sciences Sociales - ISEPP.pf<\/title>\n<meta name=\"robots\" content=\"index, follow, max-snippet:-1, max-image-preview:large, max-video-preview:-1\" \/>\n<link rel=\"canonical\" href=\"https:\/\/www.isepp.pf\/index.php\/les-formations\/licence-sciences-sociales\/\" \/>\n<meta property=\"og:locale\" content=\"fr_FR\" \/>\n<meta property=\"og:type\" content=\"article\" \/>\n<meta property=\"og:title\" content=\"LICENCE Sciences Humaines et Sociales mention Sciences Sociales - ISEPP.pf\" \/>\n<meta property=\"og:description\" content=\"La licence Sciences Sociales parcours Gestion des ressources humaines et sciences du travail assure une formation fondamentale en sociologie et en anthropologie dans leurs aspects th\u00e9oriques et pratiques.\u00a0 OBJECTIFS DE LA FORMATION CONTENUS DE LA FORMATION D\u00c9BOUCH\u00c9S ET DISPOSITIF CONDITIONS D&rsquo;ADMISSION OBJECTIFS DE LA FORMATION La Licence Sciences Sociales, parcours Ressources humaines et Sciences du [&hellip;]\" \/>\n<meta property=\"og:url\" content=\"https:\/\/www.isepp.pf\/index.php\/les-formations\/licence-sciences-sociales\/\" \/>\n<meta property=\"og:site_name\" content=\"ISEPP.pf\" \/>\n<meta property=\"article:publisher\" content=\"https:\/\/fr-fr.facebook.com\/ISEPP-UCO-Pacifique-886593534792027\/?ref=page_internal\" \/>\n<meta property=\"article:modified_time\" content=\"2021-02-02T23:54:31+00:00\" \/>\n<meta property=\"og:image\" content=\"https:\/\/www.isepp.pf\/wp-content\/uploads\/2016\/12\/cropped-logo_UCO_Pacifique_V_Q-1.png\" \/>\n\t<meta property=\"og:image:width\" content=\"1226\" \/>\n\t<meta property=\"og:image:height\" content=\"986\" \/>\n<meta name=\"twitter:card\" content=\"summary\" \/>\n<meta name=\"twitter:label1\" content=\"Dur\u00e9e de lecture est.\" \/>\n\t<meta name=\"twitter:data1\" content=\"2 minutes\" \/>\n<script type=\"application\/ld+json\" class=\"yoast-schema-graph\">{\"@context\":\"https:\/\/schema.org\",\"@graph\":[{\"@type\":\"WebSite\",\"@id\":\"https:\/\/www.isepp.pf\/#website\",\"url\":\"https:\/\/www.isepp.pf\/\",\"name\":\"ISEPP.pf\",\"description\":\"\",\"potentialAction\":[{\"@type\":\"SearchAction\",\"target\":{\"@type\":\"EntryPoint\",\"urlTemplate\":\"https:\/\/www.isepp.pf\/?s={search_term_string}\"},\"query-input\":\"required name=search_term_string\"}],\"inLanguage\":\"fr-FR\"},{\"@type\":\"ImageObject\",\"@id\":\"https:\/\/www.isepp.pf\/index.php\/les-formations\/licence-sciences-sociales\/#primaryimage\",\"inLanguage\":\"fr-FR\",\"url\":\"https:\/\/www.isepp.pf\/wp-content\/uploads\/2016\/12\/cropped-logo_UCO_Pacifique_V_Q-1.png\",\"contentUrl\":\"https:\/\/www.isepp.pf\/wp-content\/uploads\/2016\/12\/cropped-logo_UCO_Pacifique_V_Q-1.png\",\"width\":1226,\"height\":986},{\"@type\":\"WebPage\",\"@id\":\"https:\/\/www.isepp.pf\/index.php\/les-formations\/licence-sciences-sociales\/#webpage\",\"url\":\"https:\/\/www.isepp.pf\/index.php\/les-formations\/licence-sciences-sociales\/\",\"name\":\"LICENCE Sciences Humaines et Sociales mention Sciences Sociales - ISEPP.pf\",\"isPartOf\":{\"@id\":\"https:\/\/www.isepp.pf\/#website\"},\"primaryImageOfPage\":{\"@id\":\"https:\/\/www.isepp.pf\/index.php\/les-formations\/licence-sciences-sociales\/#primaryimage\"},\"datePublished\":\"2017-01-04T17:53:53+00:00\",\"dateModified\":\"2021-02-02T23:54:31+00:00\",\"breadcrumb\":{\"@id\":\"https:\/\/www.isepp.pf\/index.php\/les-formations\/licence-sciences-sociales\/#breadcrumb\"},\"inLanguage\":\"fr-FR\",\"potentialAction\":[{\"@type\":\"ReadAction\",\"target\":[\"https:\/\/www.isepp.pf\/index.php\/les-formations\/licence-sciences-sociales\/\"]}]},{\"@type\":\"BreadcrumbList\",\"@id\":\"https:\/\/www.isepp.pf\/index.php\/les-formations\/licence-sciences-sociales\/#breadcrumb\",\"itemListElement\":[{\"@type\":\"ListItem\",\"position\":1,\"name\":\"Accueil\",\"item\":\"https:\/\/www.isepp.pf\/\"},{\"@type\":\"ListItem\",\"position\":2,\"name\":\"LES FORMATIONS\",\"item\":\"https:\/\/www.isepp.pf\/index.php\/les-formations\/\"},{\"@type\":\"ListItem\",\"position\":3,\"name\":\"LICENCE Sciences Humaines et Sociales mention Sciences Sociales\"}]}]}<\/script>\n<!-- \/ Yoast SEO plugin. -->","yoast_head_json":{"title":"LICENCE Sciences Humaines et Sociales mention Sciences Sociales - ISEPP.pf","robots":{"index":"index","follow":"follow","max-snippet":"max-snippet:-1","max-image-preview":"max-image-preview:large","max-video-preview":"max-video-preview:-1"},"canonical":"https:\/\/www.isepp.pf\/index.php\/les-formations\/licence-sciences-sociales\/","og_locale":"fr_FR","og_type":"article","og_title":"LICENCE Sciences Humaines et Sociales mention Sciences Sociales - ISEPP.pf","og_description":"La licence Sciences Sociales parcours Gestion des ressources humaines et sciences du travail assure une formation fondamentale en sociologie et en anthropologie dans leurs aspects th\u00e9oriques et pratiques.\u00a0 OBJECTIFS DE LA FORMATION CONTENUS DE LA FORMATION D\u00c9BOUCH\u00c9S ET DISPOSITIF CONDITIONS D&rsquo;ADMISSION OBJECTIFS DE LA FORMATION La Licence Sciences Sociales, parcours Ressources humaines et Sciences du [&hellip;]","og_url":"https:\/\/www.isepp.pf\/index.php\/les-formations\/licence-sciences-sociales\/","og_site_name":"ISEPP.pf","article_publisher":"https:\/\/fr-fr.facebook.com\/ISEPP-UCO-Pacifique-886593534792027\/?ref=page_internal","article_modified_time":"2021-02-02T23:54:31+00:00","og_image":[{"width":1226,"height":986,"url":"https:\/\/www.isepp.pf\/wp-content\/uploads\/2016\/12\/cropped-logo_UCO_Pacifique_V_Q-1.png","path":"\/var\/www\/html\/wp-content\/uploads\/2016\/12\/cropped-logo_UCO_Pacifique_V_Q-1.png","size":"full","id":188,"alt":"","pixels":1208836,"type":"image\/png"}],"twitter_card":"summary","twitter_misc":{"Dur\u00e9e de lecture est.":"2 minutes"},"schema":{"@context":"https:\/\/schema.org","@graph":[{"@type":"WebSite","@id":"https:\/\/www.isepp.pf\/#website","url":"https:\/\/www.isepp.pf\/","name":"ISEPP.pf","description":"","potentialAction":[{"@type":"SearchAction","target":{"@type":"EntryPoint","urlTemplate":"https:\/\/www.isepp.pf\/?s={search_term_string}"},"query-input":"required name=search_term_string"}],"inLanguage":"fr-FR"},{"@type":"ImageObject","@id":"https:\/\/www.isepp.pf\/index.php\/les-formations\/licence-sciences-sociales\/#primaryimage","inLanguage":"fr-FR","url":"https:\/\/www.isepp.pf\/wp-content\/uploads\/2016\/12\/cropped-logo_UCO_Pacifique_V_Q-1.png","contentUrl":"https:\/\/www.isepp.pf\/wp-content\/uploads\/2016\/12\/cropped-logo_UCO_Pacifique_V_Q-1.png","width":1226,"height":986},{"@type":"WebPage","@id":"https:\/\/www.isepp.pf\/index.php\/les-formations\/licence-sciences-sociales\/#webpage","url":"https:\/\/www.isepp.pf\/index.php\/les-formations\/licence-sciences-sociales\/","name":"LICENCE Sciences Humaines et Sociales mention Sciences Sociales - ISEPP.pf","isPartOf":{"@id":"https:\/\/www.isepp.pf\/#website"},"primaryImageOfPage":{"@id":"https:\/\/www.isepp.pf\/index.php\/les-formations\/licence-sciences-sociales\/#primaryimage"},"datePublished":"2017-01-04T17:53:53+00:00","dateModified":"2021-02-02T23:54:31+00:00","breadcrumb":{"@id":"https:\/\/www.isepp.pf\/index.php\/les-formations\/licence-sciences-sociales\/#breadcrumb"},"inLanguage":"fr-FR","potentialAction":[{"@type":"ReadAction","target":["https:\/\/www.isepp.pf\/index.php\/les-formations\/licence-sciences-sociales\/"]}]},{"@type":"BreadcrumbList","@id":"https:\/\/www.isepp.pf\/index.php\/les-formations\/licence-sciences-sociales\/#breadcrumb","itemListElement":[{"@type":"ListItem","position":1,"name":"Accueil","item":"https:\/\/www.isepp.pf\/"},{"@type":"ListItem","position":2,"name":"LES FORMATIONS","item":"https:\/\/www.isepp.pf\/index.php\/les-formations\/"},{"@type":"ListItem","position":3,"name":"LICENCE Sciences Humaines et Sociales mention Sciences Sociales"}]}]}},"_links":{"self":[{"href":"https:\/\/www.isepp.pf\/index.php\/wp-json\/wp\/v2\/pages\/201"}],"collection":[{"href":"https:\/\/www.isepp.pf\/index.php\/wp-json\/wp\/v2\/pages"}],"about":[{"href":"https:\/\/www.isepp.pf\/index.php\/wp-json\/wp\/v2\/types\/page"}],"author":[{"embeddable":true,"href":"https:\/\/www.isepp.pf\/index.php\/wp-json\/wp\/v2\/users\/1"}],"replies":[{"embeddable":true,"href":"https:\/\/www.isepp.pf\/index.php\/wp-json\/wp\/v2\/comments?post=201"}],"version-history":[{"count":38,"href":"https:\/\/www.isepp.pf\/index.php\/wp-json\/wp\/v2\/pages\/201\/revisions"}],"predecessor-version":[{"id":1020,"href":"https:\/\/www.isepp.pf\/index.php\/wp-json\/wp\/v2\/pages\/201\/revisions\/1020"}],"up":[{"embeddable":true,"href":"https:\/\/www.isepp.pf\/index.php\/wp-json\/wp\/v2\/pages\/47"}],"wp:featuredmedia":[{"embeddable":true,"href":"https:\/\/www.isepp.pf\/index.php\/wp-json\/wp\/v2\/media\/188"}],"wp:attachment":[{"href":"https:\/\/www.isepp.pf\/index.php\/wp-json\/wp\/v2\/media?parent=201"}],"curies":[{"name":"wp","href":"https:\/\/api.w.org\/{rel}","templated":true}]}}