{"id":433,"date":"2018-05-04T12:25:25","date_gmt":"2018-05-04T22:25:25","guid":{"rendered":"https:\/\/www.isepp.pf\/?page_id=433"},"modified":"2022-03-11T08:21:02","modified_gmt":"2022-03-11T18:21:02","slug":"http-https-www-isepp-pf-wp-content-uploads-2018-05-master-science-educ-pdf","status":"publish","type":"page","link":"https:\/\/www.isepp.pf\/index.php\/les-formations\/http-https-www-isepp-pf-wp-content-uploads-2018-05-master-science-educ-pdf\/","title":{"rendered":"Master sciences de l&rsquo;\u00e9ducation"},"content":{"rendered":"\t\t<div data-elementor-type=\"wp-post\" data-elementor-id=\"433\" class=\"elementor elementor-433\" data-elementor-settings=\"[]\">\n\t\t\t\t\t\t<div class=\"elementor-inner\">\n\t\t\t\t\t\t\t<div class=\"elementor-section-wrap\">\n\t\t\t\t\t\t\t<section class=\"has_eae_slider elementor-section elementor-top-section elementor-element elementor-element-ngokrbw elementor-section-boxed elementor-section-height-default elementor-section-height-default\" data-id=\"ngokrbw\" data-element_type=\"section\">\n\t\t\t\t\t\t<div class=\"elementor-container elementor-column-gap-default\">\n\t\t\t\t\t\t\t<div class=\"elementor-row\">\n\t\t\t\t\t<div class=\"has_eae_slider elementor-column elementor-col-100 elementor-top-column elementor-element elementor-element-uovmvet\" data-id=\"uovmvet\" data-element_type=\"column\">\n\t\t\t<div class=\"elementor-column-wrap elementor-element-populated\">\n\t\t\t\t\t\t\t<div class=\"elementor-widget-wrap\">\n\t\t\t\t\t\t<div class=\"elementor-element elementor-element-ylnqdkr elementor-widget elementor-widget-text-editor\" data-id=\"ylnqdkr\" data-element_type=\"widget\" data-widget_type=\"text-editor.default\">\n\t\t\t\t<div class=\"elementor-widget-container\">\n\t\t\t\t\t\t\t\t<div class=\"elementor-text-editor elementor-clearfix\">\n\t\t\t\t<p><a href=\"https:\/\/www.isepp.pf\/wp-content\/uploads\/2018\/05\/Master-Science-Educ.pdf\">MASTER SCIENCES DE L&rsquo;EDUCATION: Dipl\u00f4me national bac +5<br \/>[en convention avec l\u2019Universit\u00e9 de Haute-Alsace]<\/a><\/p>\t\t\t\t\t<\/div>\n\t\t\t\t\t\t<\/div>\n\t\t\t\t<\/div>\n\t\t\t\t\t\t<\/div>\n\t\t\t\t\t<\/div>\n\t\t<\/div>\n\t\t\t\t\t\t\t\t<\/div>\n\t\t\t\t\t<\/div>\n\t\t<\/section>\n\t\t\t\t<section class=\"has_eae_slider elementor-section elementor-top-section elementor-element elementor-element-f625a4e elementor-section-boxed elementor-section-height-default elementor-section-height-default\" data-id=\"f625a4e\" data-element_type=\"section\">\n\t\t\t\t\t\t<div class=\"elementor-container elementor-column-gap-default\">\n\t\t\t\t\t\t\t<div class=\"elementor-row\">\n\t\t\t\t\t<div class=\"has_eae_slider elementor-column elementor-col-66 elementor-top-column elementor-element elementor-element-305d1b0\" data-id=\"305d1b0\" data-element_type=\"column\">\n\t\t\t<div class=\"elementor-column-wrap elementor-element-populated\">\n\t\t\t\t\t\t\t<div class=\"elementor-widget-wrap\">\n\t\t\t\t\t\t<div class=\"elementor-element elementor-element-cb6ec65 elementor-tabs-view-horizontal elementor-widget elementor-widget-tabs\" data-id=\"cb6ec65\" data-element_type=\"widget\" data-widget_type=\"tabs.default\">\n\t\t\t\t<div class=\"elementor-widget-container\">\n\t\t\t\t\t<div class=\"elementor-tabs\">\n\t\t\t<div class=\"elementor-tabs-wrapper\" role=\"tablist\" >\n\t\t\t\t\t\t\t\t\t<div id=\"elementor-tab-title-2131\" class=\"elementor-tab-title elementor-tab-desktop-title\" aria-selected=\"true\" data-tab=\"1\" role=\"tab\" tabindex=\"0\" aria-controls=\"elementor-tab-content-2131\" aria-expanded=\"false\"><a href=\"\">PR\u00c9SENTATION<\/a><\/div>\n\t\t\t\t\t\t\t\t\t<div id=\"elementor-tab-title-2132\" class=\"elementor-tab-title elementor-tab-desktop-title\" aria-selected=\"false\" data-tab=\"2\" role=\"tab\" tabindex=\"-1\" aria-controls=\"elementor-tab-content-2132\" aria-expanded=\"false\"><a href=\"\">OBJECTIFS DE LA FORMATION<\/a><\/div>\n\t\t\t\t\t\t\t\t\t<div id=\"elementor-tab-title-2133\" class=\"elementor-tab-title elementor-tab-desktop-title\" aria-selected=\"false\" data-tab=\"3\" role=\"tab\" tabindex=\"-1\" aria-controls=\"elementor-tab-content-2133\" aria-expanded=\"false\"><a href=\"\">LES DE LA FORMATION<\/a><\/div>\n\t\t\t\t\t\t\t\t\t<div id=\"elementor-tab-title-2134\" class=\"elementor-tab-title elementor-tab-desktop-title\" aria-selected=\"false\" data-tab=\"4\" role=\"tab\" tabindex=\"-1\" aria-controls=\"elementor-tab-content-2134\" aria-expanded=\"false\"><a href=\"\">ADMISSION<\/a><\/div>\n\t\t\t\t\t\t\t<\/div>\n\t\t\t<div class=\"elementor-tabs-content-wrapper\" role=\"tablist\" aria-orientation=\"vertical\">\n\t\t\t\t\t\t\t\t\t<div class=\"elementor-tab-title elementor-tab-mobile-title\" aria-selected=\"true\" data-tab=\"1\" role=\"tab\" tabindex=\"0\" aria-controls=\"elementor-tab-content-2131\" aria-expanded=\"false\">PR\u00c9SENTATION<\/div>\n\t\t\t\t\t<div id=\"elementor-tab-content-2131\" class=\"elementor-tab-content elementor-clearfix\" data-tab=\"1\" role=\"tabpanel\" aria-labelledby=\"elementor-tab-title-2131\" tabindex=\"0\" hidden=\"false\"><p><span style=\"font-family: Roboto, sans-serif; font-size: 12px; font-style: normal; font-variant-ligatures: normal; font-variant-caps: normal; font-weight: 400;\">Ce Master forme des \u00e9tudiants d\u00e9sirant devenir des professionnels de l\u2019\u00e9ducation, de la\u00a0formation et de l\u2019insertion dans les secteurs socio-\u00e9ducatifs. L\u2019ensemble de ces secteurs<\/span><br \/><span style=\"font-family: Roboto, sans-serif; font-size: 12px; font-style: normal; font-variant-ligatures: normal; font-variant-caps: normal; font-weight: 400;\">professionnels sont travers\u00e9s par des enjeux communs d\u2019accompagnement et de d\u00e9finitions de\u00a0projets en lien avec les transformations des r\u00e9alit\u00e9s \u00e9conomiques, sociales et culturelles. Ce qui<\/span><br \/><span style=\"font-family: Roboto, sans-serif; font-size: 12px; font-style: normal; font-variant-ligatures: normal; font-variant-caps: normal; font-weight: 400;\">caract\u00e9rise l\u2019ensemble de ces professions, c\u2019est le fait que toutes ces pratiques\u00a0professionnelles rel\u00e8vent des m\u00e9tiers de l\u2019intervention et de l\u2019agir avec et sur autrui.<\/span><\/p><\/div>\n\t\t\t\t\t\t\t\t\t<div class=\"elementor-tab-title elementor-tab-mobile-title\" aria-selected=\"false\" data-tab=\"2\" role=\"tab\" tabindex=\"-1\" aria-controls=\"elementor-tab-content-2132\" aria-expanded=\"false\">OBJECTIFS DE LA FORMATION<\/div>\n\t\t\t\t\t<div id=\"elementor-tab-content-2132\" class=\"elementor-tab-content elementor-clearfix\" data-tab=\"2\" role=\"tabpanel\" aria-labelledby=\"elementor-tab-title-2132\" tabindex=\"0\" hidden=\"hidden\"><p><span style=\"font-family: Roboto, sans-serif; font-size: 12px; font-style: normal; font-variant-ligatures: normal; font-variant-caps: normal; font-weight: 400;\">Le dipl\u00f4me a pour objectif de pr\u00e9parer des professionnels en capacit\u00e9 de comprendre \u00e0 la fois\u00a0<\/span><span style=\"font-family: Roboto, sans-serif; font-size: 12px; font-style: normal; font-variant-ligatures: normal; font-variant-caps: normal; font-weight: 400;\">les nouvelles politiques \u00e9ducatives publiques et priv\u00e9es, et les \u00e9volutions et les transformations\u00a0<\/span><span style=\"font-family: Roboto, sans-serif; font-size: 12px; font-style: normal; font-variant-ligatures: normal; font-variant-caps: normal; font-weight: 400;\">des champs d\u2019activit\u00e9 socio-\u00e9ducatifs.<\/span><\/p><p><span style=\"font-family: Roboto, sans-serif; font-size: 12px; font-style: normal; font-variant-ligatures: normal; font-variant-caps: normal; font-weight: 400;\">\u2022 Acqu\u00e9rir des connaissances approfondies et des comp\u00e9tences en sciences de l\u2019\u00e9ducation.<\/span><br \/><span style=\"font-family: Roboto, sans-serif; font-size: 12px; font-style: normal; font-variant-ligatures: normal; font-variant-caps: normal; font-weight: 400;\">\u2022 Professionnaliser les \u00e9tudiants aux m\u00e9tiers :<\/span><br \/><span style=\"font-family: Roboto, sans-serif; font-size: 12px; font-style: normal; font-variant-ligatures: normal; font-variant-caps: normal; font-weight: 400;\">&#8211; du handicap et de l\u2019inclusion scolaire<\/span><br \/><span style=\"font-family: Roboto, sans-serif; font-size: 12px; font-style: normal; font-variant-ligatures: normal; font-variant-caps: normal; font-weight: 400;\">&#8211; du secteur socio-\u00e9ducatif<\/span><br \/><span style=\"font-family: Roboto, sans-serif; font-size: 12px; font-style: normal; font-variant-ligatures: normal; font-variant-caps: normal; font-weight: 400;\">&#8211; de l\u2019accompagnement et de la vie scolaire<\/span><br \/><span style=\"font-family: Roboto, sans-serif; font-size: 12px; font-style: normal; font-variant-ligatures: normal; font-variant-caps: normal; font-weight: 400;\">&#8211; de la formation et de l\u2019insertion professionnelle et sociale.<\/span><\/p><\/div>\n\t\t\t\t\t\t\t\t\t<div class=\"elementor-tab-title elementor-tab-mobile-title\" aria-selected=\"false\" data-tab=\"3\" role=\"tab\" tabindex=\"-1\" aria-controls=\"elementor-tab-content-2133\" aria-expanded=\"false\">LES DE LA FORMATION<\/div>\n\t\t\t\t\t<div id=\"elementor-tab-content-2133\" class=\"elementor-tab-content elementor-clearfix\" data-tab=\"3\" role=\"tabpanel\" aria-labelledby=\"elementor-tab-title-2133\" tabindex=\"0\" hidden=\"hidden\"><p style=\"font-variant-ligatures: normal; font-variant-caps: normal; font-family: Roboto, sans-serif; font-size: 12px; font-style: normal; font-weight: 400;\">1 Un suivi personnalis\u00e9, des petits effectifs<\/p><p style=\"font-variant-ligatures: normal; font-variant-caps: normal; font-family: Roboto, sans-serif; font-size: 12px; font-style: normal; font-weight: 400;\">Chaque \u00e9tudiant b\u00e9n\u00e9ficie d\u2019un suivi individuel et r\u00e9gulier avec le responsable p\u00e9dagogique, en par-ticulier pour tous les enseignements extra-universitaires. Environ 20 \u00e9tudiants par promotion.<\/p><p style=\"font-variant-ligatures: normal; font-variant-caps: normal; font-family: Roboto, sans-serif; font-size: 12px; font-style: normal; font-weight: 400;\">2 Une formation professionnalisante<\/p><p style=\"font-variant-ligatures: normal; font-variant-caps: normal; font-family: Roboto, sans-serif; font-size: 12px; font-style: normal; font-weight: 400;\">\u00a0Ancr\u00e9 dans les pratiques de terrain, le master est tr\u00e8s professionnalisant gr\u00e2ce aux stages (de 50 \u00e0 130 jours) et \u00e0 une \u00e9quipe de praticiens qui interviennent dans la formation, en compl\u00e9ment des enseignements universitaires.<\/p><p style=\"font-variant-ligatures: normal; font-variant-caps: normal; font-family: Roboto, sans-serif; font-size: 12px; font-style: normal; font-weight: 400;\">3.Une formation polyvalente\u00a0<\/p><p style=\"font-variant-ligatures: normal; font-variant-caps: normal; font-family: Roboto, sans-serif; font-size: 12px; font-style: normal; font-weight: 400;\">Gr\u00e2ce \u00e0 des enseignements ouverts sur diff\u00e9rentes disciplines et pratiques, l\u2019\u00e9tudiant acquiert des connaissances transf\u00e9rables dans plusieurs secteurs socio-\u00e9ducatifs, de la formation et de l\u2019inser-tion.\u00a0<\/p><p style=\"font-variant-ligatures: normal; font-variant-caps: normal; font-family: Roboto, sans-serif; font-size: 12px; font-style: normal; font-weight: 400;\">Possibilit\u00e9 d\u2019\u00e9tudier un semestre au Qu\u00e9bec\u00a0<\/p><p style=\"font-variant-ligatures: normal; font-variant-caps: normal; font-family: Roboto, sans-serif; font-size: 12px; font-style: normal; font-weight: 400;\">Pour d\u00e9couvrir d\u2019autres approches socio-\u00e9ducatives, les \u00e9tudiants peuvent effectuer le semestre\u00a0<span style=\"font-size: 12px;\">\u00e0 l\u2019Universit\u00e9 du Qu\u00e9bec \u00e0 Rimouski [UQAR ].<\/span><\/p><\/div>\n\t\t\t\t\t\t\t\t\t<div class=\"elementor-tab-title elementor-tab-mobile-title\" aria-selected=\"false\" data-tab=\"4\" role=\"tab\" tabindex=\"-1\" aria-controls=\"elementor-tab-content-2134\" aria-expanded=\"false\">ADMISSION<\/div>\n\t\t\t\t\t<div id=\"elementor-tab-content-2134\" class=\"elementor-tab-content elementor-clearfix\" data-tab=\"4\" role=\"tabpanel\" aria-labelledby=\"elementor-tab-title-2134\" tabindex=\"0\" hidden=\"hidden\"><p><span style=\"font-family: Roboto, sans-serif; font-size: 12px; font-style: normal; font-variant-ligatures: normal; font-variant-caps: normal; font-weight: 400;\">\u2013 Admissibles de plein droit en M1 :<\/span><br \/><span style=\"font-family: Roboto, sans-serif; font-size: 12px; font-style: normal; font-variant-ligatures: normal; font-variant-caps: normal; font-weight: 400;\">\u2022 les titulaires d\u2019une licence dans les <\/span><span style=\"font-family: Roboto, sans-serif; font-size: 12px; font-style: normal; font-variant-ligatures: normal; font-variant-caps: normal; font-weight: 400;\">domaines des sciences humaines et sociales <\/span><span style=\"font-family: Roboto, sans-serif; font-size: 12px; font-style: normal; font-variant-ligatures: normal; font-variant-caps: normal; font-weight: 400;\">ou de la sant\u00e9<\/span><br \/><span style=\"font-family: Roboto, sans-serif; font-size: 12px; font-style: normal; font-variant-ligatures: normal; font-variant-caps: normal; font-weight: 400;\">\u2022 les titulaires de formations jug\u00e9es <\/span><span style=\"font-family: Roboto, sans-serif; font-size: 12px; font-style: normal; font-variant-ligatures: normal; font-variant-caps: normal; font-weight: 400;\">\u00e9quivalentes apr\u00e8s validation des <\/span><span style=\"font-family: Roboto, sans-serif; font-size: 12px; font-style: normal; font-variant-ligatures: normal; font-variant-caps: normal; font-weight: 400;\">acquis, notamment professionnels <\/span><span style=\"font-family: Roboto, sans-serif; font-size: 12px; font-style: normal; font-variant-ligatures: normal; font-variant-caps: normal; font-weight: 400;\">(VAP)<\/span><\/p><p>Pour d\u00e9poser une candidature, rendez-vous sur l&rsquo;onglet Inscription \/ Sciences de l&rsquo;\u00e9ducation ou cliquez <a href=\"https:\/\/academia.uco.fr\/UCO\/!forminscrs.connection?ww_c_formulaire=CANDIDATURE&amp;ww_x_infos=205052118_186629429\">ici<\/a>.<\/p><p><span style=\"font-family: Roboto, sans-serif; font-size: 12px; font-style: normal; font-variant-ligatures: normal; font-variant-caps: normal; font-weight: 400;\">\u00a0<\/span><\/p><\/div>\n\t\t\t\t\t\t\t<\/div>\n\t\t<\/div>\n\t\t\t\t<\/div>\n\t\t\t\t<\/div>\n\t\t\t\t\t\t<\/div>\n\t\t\t\t\t<\/div>\n\t\t<\/div>\n\t\t\t\t<div class=\"has_eae_slider elementor-column elementor-col-33 elementor-top-column elementor-element elementor-element-b0a023f\" data-id=\"b0a023f\" data-element_type=\"column\">\n\t\t\t<div class=\"elementor-column-wrap elementor-element-populated\">\n\t\t\t\t\t\t\t<div class=\"elementor-widget-wrap\">\n\t\t\t\t\t\t<div class=\"elementor-element elementor-element-bad96b6 elementor-widget elementor-widget-image\" data-id=\"bad96b6\" data-element_type=\"widget\" data-widget_type=\"image.default\">\n\t\t\t\t<div class=\"elementor-widget-container\">\n\t\t\t\t\t\t\t\t<div class=\"elementor-image\">\n\t\t\t\t\t\t\t\t\t\t\t\t<img width=\"1024\" height=\"964\" src=\"https:\/\/www.isepp.pf\/wp-content\/uploads\/2016\/12\/logo_UCO_Pacifique_V_Q-1024x964.png\" class=\"attachment-large size-large\" alt=\"\" loading=\"lazy\" srcset=\"https:\/\/www.isepp.pf\/wp-content\/uploads\/2016\/12\/logo_UCO_Pacifique_V_Q-1024x964.png 1024w, https:\/\/www.isepp.pf\/wp-content\/uploads\/2016\/12\/logo_UCO_Pacifique_V_Q-300x282.png 300w, https:\/\/www.isepp.pf\/wp-content\/uploads\/2016\/12\/logo_UCO_Pacifique_V_Q-768x723.png 768w, https:\/\/www.isepp.pf\/wp-content\/uploads\/2016\/12\/logo_UCO_Pacifique_V_Q.png 1226w\" sizes=\"(max-width: 1024px) 100vw, 1024px\" \/>\t\t\t\t\t\t\t\t\t\t\t\t\t\t<\/div>\n\t\t\t\t\t\t<\/div>\n\t\t\t\t<\/div>\n\t\t\t\t\t\t<\/div>\n\t\t\t\t\t<\/div>\n\t\t<\/div>\n\t\t\t\t\t\t\t\t<\/div>\n\t\t\t\t\t<\/div>\n\t\t<\/section>\n\t\t\t\t<section class=\"has_eae_slider elementor-section elementor-top-section elementor-element elementor-element-7fe9561 elementor-section-boxed elementor-section-height-default elementor-section-height-default\" data-id=\"7fe9561\" data-element_type=\"section\">\n\t\t\t\t\t\t<div class=\"elementor-container elementor-column-gap-default\">\n\t\t\t\t\t\t\t<div class=\"elementor-row\">\n\t\t\t\t\t<div class=\"has_eae_slider elementor-column elementor-col-66 elementor-top-column elementor-element elementor-element-bd667b6\" data-id=\"bd667b6\" data-element_type=\"column\">\n\t\t\t<div class=\"elementor-column-wrap elementor-element-populated\">\n\t\t\t\t\t\t\t<div class=\"elementor-widget-wrap\">\n\t\t\t\t\t\t<div class=\"elementor-element elementor-element-c823c5e elementor-widget elementor-widget-heading\" data-id=\"c823c5e\" data-element_type=\"widget\" data-widget_type=\"heading.default\">\n\t\t\t\t<div class=\"elementor-widget-container\">\n\t\t\t<h2 class=\"elementor-heading-title elementor-size-default\"><div> <\/div><div><div style=\"font-variant-ligatures: normal; font-variant-caps: normal; font-family: Roboto, sans-serif; font-size: 12px; font-style: normal; font-weight: 400; position: absolute; top: 0px; right: 0px; z-index: 9998; pointer-events: none; color: rgb(122, 122, 122); white-space: normal;\"><ul style=\"display: flex;\"><li title=\"Modifier\"><span aria-hidden=\"true\"><\/span><span style=\"font-size: 11px;\">Modifier<\/span><\/li><\/ul><\/div><div style=\"font-variant-ligatures: normal; font-variant-caps: normal; font-family: Roboto, sans-serif; font-size: 12px; font-style: normal; font-weight: 400; color: rgb(122, 122, 122); white-space: normal;\"><div data-elementor-setting-key=\"editor\" data-elementor-inline-editing-toolbar=\"advanced\" style=\"font-size: 12px;\"><p style=\"font-size: 12px;\"><a href=\"https:\/\/www.isepp.pf\/wp-content\/uploads\/2018\/05\/Master-Science-Educ.pdf\" style=\"font-size: 12px;\">MASTER SCIENCES DE L\u2019EDUCATION: Dipl\u00f4me national bac +5 [en convention avec l\u2019Universit\u00e9 de Haute-Alsace]<\/a><span style=\"color: rgb(110, 193, 228); font-family: Roboto, sans-serif; font-size: 1.4em; font-weight: 600; white-space: pre-wrap;\"><\/span><\/p><\/div><\/div><\/div><\/h2>\t\t<\/div>\n\t\t\t\t<\/div>\n\t\t\t\t\t\t<\/div>\n\t\t\t\t\t<\/div>\n\t\t<\/div>\n\t\t\t\t<div class=\"has_eae_slider elementor-column elementor-col-33 elementor-top-column elementor-element elementor-element-cf88a81\" data-id=\"cf88a81\" data-element_type=\"column\">\n\t\t\t<div class=\"elementor-column-wrap\">\n\t\t\t\t\t\t\t<div class=\"elementor-widget-wrap\">\n\t\t\t\t\t\t\t\t<\/div>\n\t\t\t\t\t<\/div>\n\t\t<\/div>\n\t\t\t\t\t\t\t\t<\/div>\n\t\t\t\t\t<\/div>\n\t\t<\/section>\n\t\t\t\t\t\t<\/div>\n\t\t\t\t\t\t<\/div>\n\t\t\t\t\t<\/div>\n\t\t","protected":false},"excerpt":{"rendered":"<p>MASTER SCIENCES DE L&rsquo;EDUCATION: Dipl\u00f4me national bac +5[en convention avec l\u2019Universit\u00e9 de Haute-Alsace] PR\u00c9SENTATION OBJECTIFS DE LA FORMATION LES DE LA FORMATION ADMISSION PR\u00c9SENTATION Ce Master forme des \u00e9tudiants d\u00e9sirant devenir des professionnels de l\u2019\u00e9ducation, de la\u00a0formation et de l\u2019insertion dans les secteurs socio-\u00e9ducatifs. L\u2019ensemble de ces secteursprofessionnels sont travers\u00e9s par des enjeux communs d\u2019accompagnement [&hellip;]<\/p>\n","protected":false},"author":3,"featured_media":0,"parent":47,"menu_order":0,"comment_status":"closed","ping_status":"closed","template":"","meta":{"ngg_post_thumbnail":0},"yoast_head":"<!-- This site is optimized with the Yoast SEO plugin v17.1 - https:\/\/yoast.com\/wordpress\/plugins\/seo\/ -->\n<title>Master sciences de l&#039;\u00e9ducation - ISEPP.pf<\/title>\n<meta name=\"robots\" content=\"index, follow, max-snippet:-1, max-image-preview:large, max-video-preview:-1\" \/>\n<link rel=\"canonical\" href=\"https:\/\/www.isepp.pf\/index.php\/les-formations\/http-https-www-isepp-pf-wp-content-uploads-2018-05-master-science-educ-pdf\/\" \/>\n<meta property=\"og:locale\" content=\"fr_FR\" \/>\n<meta property=\"og:type\" content=\"article\" \/>\n<meta property=\"og:title\" content=\"Master sciences de l&#039;\u00e9ducation - ISEPP.pf\" \/>\n<meta property=\"og:description\" content=\"MASTER SCIENCES DE L&rsquo;EDUCATION: Dipl\u00f4me national bac +5[en convention avec l\u2019Universit\u00e9 de Haute-Alsace] PR\u00c9SENTATION OBJECTIFS DE LA FORMATION LES DE LA FORMATION ADMISSION PR\u00c9SENTATION Ce Master forme des \u00e9tudiants d\u00e9sirant devenir des professionnels de l\u2019\u00e9ducation, de la\u00a0formation et de l\u2019insertion dans les secteurs socio-\u00e9ducatifs. L\u2019ensemble de ces secteursprofessionnels sont travers\u00e9s par des enjeux communs d\u2019accompagnement [&hellip;]\" \/>\n<meta property=\"og:url\" content=\"https:\/\/www.isepp.pf\/index.php\/les-formations\/http-https-www-isepp-pf-wp-content-uploads-2018-05-master-science-educ-pdf\/\" \/>\n<meta property=\"og:site_name\" content=\"ISEPP.pf\" \/>\n<meta property=\"article:publisher\" content=\"https:\/\/fr-fr.facebook.com\/ISEPP-UCO-Pacifique-886593534792027\/?ref=page_internal\" \/>\n<meta property=\"article:modified_time\" content=\"2022-03-11T18:21:02+00:00\" \/>\n<meta property=\"og:image\" content=\"https:\/\/www.isepp.pf\/wp-content\/uploads\/2016\/12\/logo_UCO_Pacifique_V_Q-1024x964.png\" \/>\n<meta name=\"twitter:card\" content=\"summary\" \/>\n<meta name=\"twitter:label1\" content=\"Dur\u00e9e de lecture est.\" \/>\n\t<meta name=\"twitter:data1\" content=\"2 minutes\" \/>\n<script type=\"application\/ld+json\" class=\"yoast-schema-graph\">{\"@context\":\"https:\/\/schema.org\",\"@graph\":[{\"@type\":\"WebSite\",\"@id\":\"https:\/\/www.isepp.pf\/#website\",\"url\":\"https:\/\/www.isepp.pf\/\",\"name\":\"ISEPP.pf\",\"description\":\"\",\"potentialAction\":[{\"@type\":\"SearchAction\",\"target\":{\"@type\":\"EntryPoint\",\"urlTemplate\":\"https:\/\/www.isepp.pf\/?s={search_term_string}\"},\"query-input\":\"required name=search_term_string\"}],\"inLanguage\":\"fr-FR\"},{\"@type\":\"ImageObject\",\"@id\":\"https:\/\/www.isepp.pf\/index.php\/les-formations\/http-https-www-isepp-pf-wp-content-uploads-2018-05-master-science-educ-pdf\/#primaryimage\",\"inLanguage\":\"fr-FR\",\"url\":\"https:\/\/www.isepp.pf\/wp-content\/uploads\/2016\/12\/logo_UCO_Pacifique_V_Q.png\",\"contentUrl\":\"https:\/\/www.isepp.pf\/wp-content\/uploads\/2016\/12\/logo_UCO_Pacifique_V_Q.png\",\"width\":1226,\"height\":1154},{\"@type\":\"WebPage\",\"@id\":\"https:\/\/www.isepp.pf\/index.php\/les-formations\/http-https-www-isepp-pf-wp-content-uploads-2018-05-master-science-educ-pdf\/#webpage\",\"url\":\"https:\/\/www.isepp.pf\/index.php\/les-formations\/http-https-www-isepp-pf-wp-content-uploads-2018-05-master-science-educ-pdf\/\",\"name\":\"Master sciences de l'\\u00e9ducation - ISEPP.pf\",\"isPartOf\":{\"@id\":\"https:\/\/www.isepp.pf\/#website\"},\"primaryImageOfPage\":{\"@id\":\"https:\/\/www.isepp.pf\/index.php\/les-formations\/http-https-www-isepp-pf-wp-content-uploads-2018-05-master-science-educ-pdf\/#primaryimage\"},\"datePublished\":\"2018-05-04T22:25:25+00:00\",\"dateModified\":\"2022-03-11T18:21:02+00:00\",\"breadcrumb\":{\"@id\":\"https:\/\/www.isepp.pf\/index.php\/les-formations\/http-https-www-isepp-pf-wp-content-uploads-2018-05-master-science-educ-pdf\/#breadcrumb\"},\"inLanguage\":\"fr-FR\",\"potentialAction\":[{\"@type\":\"ReadAction\",\"target\":[\"https:\/\/www.isepp.pf\/index.php\/les-formations\/http-https-www-isepp-pf-wp-content-uploads-2018-05-master-science-educ-pdf\/\"]}]},{\"@type\":\"BreadcrumbList\",\"@id\":\"https:\/\/www.isepp.pf\/index.php\/les-formations\/http-https-www-isepp-pf-wp-content-uploads-2018-05-master-science-educ-pdf\/#breadcrumb\",\"itemListElement\":[{\"@type\":\"ListItem\",\"position\":1,\"name\":\"Accueil\",\"item\":\"https:\/\/www.isepp.pf\/\"},{\"@type\":\"ListItem\",\"position\":2,\"name\":\"LES FORMATIONS\",\"item\":\"https:\/\/www.isepp.pf\/index.php\/les-formations\/\"},{\"@type\":\"ListItem\",\"position\":3,\"name\":\"Master sciences de l&rsquo;\\u00e9ducation\"}]}]}<\/script>\n<!-- \/ Yoast SEO plugin. -->","yoast_head_json":{"title":"Master sciences de l'\u00e9ducation - ISEPP.pf","robots":{"index":"index","follow":"follow","max-snippet":"max-snippet:-1","max-image-preview":"max-image-preview:large","max-video-preview":"max-video-preview:-1"},"canonical":"https:\/\/www.isepp.pf\/index.php\/les-formations\/http-https-www-isepp-pf-wp-content-uploads-2018-05-master-science-educ-pdf\/","og_locale":"fr_FR","og_type":"article","og_title":"Master sciences de l'\u00e9ducation - ISEPP.pf","og_description":"MASTER SCIENCES DE L&rsquo;EDUCATION: Dipl\u00f4me national bac +5[en convention avec l\u2019Universit\u00e9 de Haute-Alsace] PR\u00c9SENTATION OBJECTIFS DE LA FORMATION LES DE LA FORMATION ADMISSION PR\u00c9SENTATION Ce Master forme des \u00e9tudiants d\u00e9sirant devenir des professionnels de l\u2019\u00e9ducation, de la\u00a0formation et de l\u2019insertion dans les secteurs socio-\u00e9ducatifs. L\u2019ensemble de ces secteursprofessionnels sont travers\u00e9s par des enjeux communs d\u2019accompagnement [&hellip;]","og_url":"https:\/\/www.isepp.pf\/index.php\/les-formations\/http-https-www-isepp-pf-wp-content-uploads-2018-05-master-science-educ-pdf\/","og_site_name":"ISEPP.pf","article_publisher":"https:\/\/fr-fr.facebook.com\/ISEPP-UCO-Pacifique-886593534792027\/?ref=page_internal","article_modified_time":"2022-03-11T18:21:02+00:00","og_image":[{"url":"https:\/\/www.isepp.pf\/wp-content\/uploads\/2016\/12\/logo_UCO_Pacifique_V_Q-1024x964.png"}],"twitter_card":"summary","twitter_misc":{"Dur\u00e9e de lecture est.":"2 minutes"},"schema":{"@context":"https:\/\/schema.org","@graph":[{"@type":"WebSite","@id":"https:\/\/www.isepp.pf\/#website","url":"https:\/\/www.isepp.pf\/","name":"ISEPP.pf","description":"","potentialAction":[{"@type":"SearchAction","target":{"@type":"EntryPoint","urlTemplate":"https:\/\/www.isepp.pf\/?s={search_term_string}"},"query-input":"required name=search_term_string"}],"inLanguage":"fr-FR"},{"@type":"ImageObject","@id":"https:\/\/www.isepp.pf\/index.php\/les-formations\/http-https-www-isepp-pf-wp-content-uploads-2018-05-master-science-educ-pdf\/#primaryimage","inLanguage":"fr-FR","url":"https:\/\/www.isepp.pf\/wp-content\/uploads\/2016\/12\/logo_UCO_Pacifique_V_Q.png","contentUrl":"https:\/\/www.isepp.pf\/wp-content\/uploads\/2016\/12\/logo_UCO_Pacifique_V_Q.png","width":1226,"height":1154},{"@type":"WebPage","@id":"https:\/\/www.isepp.pf\/index.php\/les-formations\/http-https-www-isepp-pf-wp-content-uploads-2018-05-master-science-educ-pdf\/#webpage","url":"https:\/\/www.isepp.pf\/index.php\/les-formations\/http-https-www-isepp-pf-wp-content-uploads-2018-05-master-science-educ-pdf\/","name":"Master sciences de l'\u00e9ducation - ISEPP.pf","isPartOf":{"@id":"https:\/\/www.isepp.pf\/#website"},"primaryImageOfPage":{"@id":"https:\/\/www.isepp.pf\/index.php\/les-formations\/http-https-www-isepp-pf-wp-content-uploads-2018-05-master-science-educ-pdf\/#primaryimage"},"datePublished":"2018-05-04T22:25:25+00:00","dateModified":"2022-03-11T18:21:02+00:00","breadcrumb":{"@id":"https:\/\/www.isepp.pf\/index.php\/les-formations\/http-https-www-isepp-pf-wp-content-uploads-2018-05-master-science-educ-pdf\/#breadcrumb"},"inLanguage":"fr-FR","potentialAction":[{"@type":"ReadAction","target":["https:\/\/www.isepp.pf\/index.php\/les-formations\/http-https-www-isepp-pf-wp-content-uploads-2018-05-master-science-educ-pdf\/"]}]},{"@type":"BreadcrumbList","@id":"https:\/\/www.isepp.pf\/index.php\/les-formations\/http-https-www-isepp-pf-wp-content-uploads-2018-05-master-science-educ-pdf\/#breadcrumb","itemListElement":[{"@type":"ListItem","position":1,"name":"Accueil","item":"https:\/\/www.isepp.pf\/"},{"@type":"ListItem","position":2,"name":"LES FORMATIONS","item":"https:\/\/www.isepp.pf\/index.php\/les-formations\/"},{"@type":"ListItem","position":3,"name":"Master sciences de l&rsquo;\u00e9ducation"}]}]}},"_links":{"self":[{"href":"https:\/\/www.isepp.pf\/index.php\/wp-json\/wp\/v2\/pages\/433"}],"collection":[{"href":"https:\/\/www.isepp.pf\/index.php\/wp-json\/wp\/v2\/pages"}],"about":[{"href":"https:\/\/www.isepp.pf\/index.php\/wp-json\/wp\/v2\/types\/page"}],"author":[{"embeddable":true,"href":"https:\/\/www.isepp.pf\/index.php\/wp-json\/wp\/v2\/users\/3"}],"replies":[{"embeddable":true,"href":"https:\/\/www.isepp.pf\/index.php\/wp-json\/wp\/v2\/comments?post=433"}],"version-history":[{"count":66,"href":"https:\/\/www.isepp.pf\/index.php\/wp-json\/wp\/v2\/pages\/433\/revisions"}],"predecessor-version":[{"id":1580,"href":"https:\/\/www.isepp.pf\/index.php\/wp-json\/wp\/v2\/pages\/433\/revisions\/1580"}],"up":[{"embeddable":true,"href":"https:\/\/www.isepp.pf\/index.php\/wp-json\/wp\/v2\/pages\/47"}],"wp:attachment":[{"href":"https:\/\/www.isepp.pf\/index.php\/wp-json\/wp\/v2\/media?parent=433"}],"curies":[{"name":"wp","href":"https:\/\/api.w.org\/{rel}","templated":true}]}}